{"id":16947,"date":"2022-08-17T08:56:17","date_gmt":"2022-08-17T07:56:17","guid":{"rendered":"https:\/\/www.urbient.com\/?page_id=16947"},"modified":"2022-08-17T08:56:17","modified_gmt":"2022-08-17T07:56:17","slug":"politica-de-lempresa","status":"publish","type":"page","link":"https:\/\/www.urbient.com\/ca\/politica-de-lempresa\/","title":{"rendered":"Pol\u00edtica de l&#8217;empresa"},"content":{"rendered":"\r\n<div class=\"wp-block-image\">\r\n<figure class=\"aligncenter size-large\"><img loading=\"lazy\" decoding=\"async\" width=\"250\" height=\"91\" class=\"wp-image-16823\" src=\"https:\/\/www.urbient.com\/wp-content\/uploads\/2020\/06\/logo-urbient-modificado.png\" alt=\"\" \/><\/figure>\r\n<\/div>\r\n\r\n\r\n\r\n<p><strong>POL\u00cdTICA DE QUALITAT, MEDI AMBIENT I SEGURETAT I SALUT EN EL TREBALL<\/strong><\/p>\r\n\r\n\r\n\r\n<p><strong>URBIENT<\/strong> \u00e9s una empresa situada a Mallorca, dedicada al disseny i execuci\u00f3 de jardins, i servei de manteniment i control de la vegetaci\u00f3 en jardins, espais verds i vials p\u00fablics.<\/p>\r\n\r\n\r\n\r\n<p>Mitjan\u00e7ant aquest document <strong>URBIENT<\/strong> fa p\u00fablica la Pol\u00edtica de Qualitat, Medi Ambient i Seguretat i Salut en el Treball, englobada en l&#8217;estrat\u00e8gia de l&#8217;empresa, els objectius globals de la qual s\u00f3n:<\/p>\r\n\r\n\r\n\r\n<ul class=\"wp-block-list\">\r\n<li>Configurar i dotar l&#8217;estructura de l&#8217;Organitzaci\u00f3 en els aspectes documental, t\u00e8cnic productiu i administratiu per a poder assegurar el compliment dels <strong>requisits dels clients<\/strong>, en tots els nostres productes i serveis.<\/li>\r\n<\/ul>\r\n\r\n\r\n\r\n<ul class=\"wp-block-list\">\r\n<li>Complir amb els <strong>requisits legals i reglamentaris<\/strong> aplicables, aix\u00ed com amb altres requisits que l&#8217;organitzaci\u00f3 pugui subscriure.<\/li>\r\n<\/ul>\r\n\r\n\r\n\r\n<ul class=\"wp-block-list\">\r\n<li>Orientar l&#8217;activitat de l&#8217;Organitzaci\u00f3 per a aconseguir el major grau possible de <strong>satisfacci\u00f3 dels clients<\/strong>, mitjan\u00e7ant un tracte personalitzat segons les seves necessitats.<\/li>\r\n<\/ul>\r\n\r\n\r\n\r\n<ul class=\"wp-block-list\">\r\n<li>Aconseguir la <strong>participaci\u00f3 i implicaci\u00f3<\/strong> de tot el personal de l&#8217;Organitzaci\u00f3 en el compliment i desenvolupament del Sistema de Gesti\u00f3 Integral.<\/li>\r\n<\/ul>\r\n\r\n\r\n\r\n<ul class=\"wp-block-list\">\r\n<li>Con\u00e8ixer la incid\u00e8ncia de les nostres activitats sobre l&#8217;entorn, gestionant correctament tots els residus i <strong>minimitzant els aspectes mediambientals significatius.<\/strong><\/li>\r\n<\/ul>\r\n\r\n\r\n\r\n<ul class=\"wp-block-list\">\r\n<li><strong>Prevenir la contaminaci\u00f3<\/strong> i fer un \u00fas racional dels recursos.<\/li>\r\n<\/ul>\r\n\r\n\r\n\r\n<ul class=\"wp-block-list\">\r\n<li>Garantir que el comprom\u00eds de <strong>millora cont\u00ednua<\/strong> \u00e9s clarament ent\u00e8s i assumit per tots els empleats, com a via imprescindible per a assegurar la competitivitat de l&#8217;empresa i la m\u00e0xima satisfacci\u00f3 del client.<\/li>\r\n<\/ul>\r\n\r\n\r\n\r\n<ul class=\"wp-block-list\">\r\n<li>Proporcionar <strong>condicions de treball segures i saludables<\/strong> per a la prevenci\u00f3 de lesions i deterioraci\u00f3 de la salut relacionats amb el treball. Aconseguint i mantenint un alt nivell de seguretat i salut mitjan\u00e7anct l&#8217;eliminaci\u00f3 de perills i la reducci\u00f3 de riscos, i tot aix\u00f2 assegurant la <strong>consulta i participaci\u00f3<\/strong> dels treballadors, i quan existeixin, dels seus representants.<\/li>\r\n<\/ul>\r\n\r\n\r\n\r\n<p>&nbsp;<\/p>\r\n\r\n\r\n\r\n<p>Palma a 26 de febrer de 2019<\/p>\r\n\r\n\r\n\r\n<p>Francisco Soler Piz\u00e1<\/p>\r\n\r\n\r\n\r\n<p>Gerent<\/p>\r\n","protected":false},"excerpt":{"rendered":"<p>POL\u00cdTICA DE QUALITAT, MEDI AMBIENT I SEGURETAT I SALUT EN EL TREBALL URBIENT \u00e9s una empresa situada a Mallorca, dedicada al disseny i execuci\u00f3 de jardins, i servei de manteniment i control de la vegetaci\u00f3 en jardins, espais verds i vials p\u00fablics. Mitjan\u00e7ant aquest document&#8230;<\/p>\n","protected":false},"author":3,"featured_media":0,"parent":0,"menu_order":0,"comment_status":"closed","ping_status":"closed","template":"","meta":{"footnotes":""},"class_list":["post-16947","page","type-page","status-publish","hentry"],"_links":{"self":[{"href":"https:\/\/www.urbient.com\/ca\/wp-json\/wp\/v2\/pages\/16947","targetHints":{"allow":["GET"]}}],"collection":[{"href":"https:\/\/www.urbient.com\/ca\/wp-json\/wp\/v2\/pages"}],"about":[{"href":"https:\/\/www.urbient.com\/ca\/wp-json\/wp\/v2\/types\/page"}],"author":[{"embeddable":true,"href":"https:\/\/www.urbient.com\/ca\/wp-json\/wp\/v2\/users\/3"}],"replies":[{"embeddable":true,"href":"https:\/\/www.urbient.com\/ca\/wp-json\/wp\/v2\/comments?post=16947"}],"version-history":[{"count":3,"href":"https:\/\/www.urbient.com\/ca\/wp-json\/wp\/v2\/pages\/16947\/revisions"}],"predecessor-version":[{"id":16951,"href":"https:\/\/www.urbient.com\/ca\/wp-json\/wp\/v2\/pages\/16947\/revisions\/16951"}],"wp:attachment":[{"href":"https:\/\/www.urbient.com\/ca\/wp-json\/wp\/v2\/media?parent=16947"}],"curies":[{"name":"wp","href":"https:\/\/api.w.org\/{rel}","templated":true}]}}